{"version":"1.0","provider_name":"Comisi\u00f3n Nacional de Defensa de la Competencia","provider_url":"https:\/\/procompetencia.gob.do\/v2","title":"Presidenta de Procompetencia asiste a feria asistencia legal gratuita a pobres - Comisi\u00f3n Nacional de Defensa de la Competencia","type":"rich","width":600,"height":338,"html":"<blockquote class=\"wp-embedded-content\" data-secret=\"leitQXAdKM\"><a href=\"https:\/\/procompetencia.gob.do\/v2\/presidenta-de-procompetencia-en-feria-unibe\/\">Presidenta de Procompetencia asiste a feria asistencia legal gratuita a pobres<\/a><\/blockquote><iframe sandbox=\"allow-scripts\" security=\"restricted\" src=\"https:\/\/procompetencia.gob.do\/v2\/presidenta-de-procompetencia-en-feria-unibe\/embed\/#?secret=leitQXAdKM\" width=\"600\" height=\"338\" title=\"\u00abPresidenta de Procompetencia asiste a feria asistencia legal gratuita a pobres\u00bb \u2014 Comisi\u00f3n Nacional de Defensa de la Competencia\" data-secret=\"leitQXAdKM\" frameborder=\"0\" marginwidth=\"0\" marginheight=\"0\" scrolling=\"no\" class=\"wp-embedded-content\"><\/iframe><script type=\"text\/javascript\">\n\/* <![CDATA[ *\/\n\/*! This file is auto-generated *\/\n!function(d,l){\"use strict\";l.querySelector&&d.addEventListener&&\"undefined\"!=typeof URL&&(d.wp=d.wp||{},d.wp.receiveEmbedMessage||(d.wp.receiveEmbedMessage=function(e){var t=e.data;if((t||t.secret||t.message||t.value)&&!\/[^a-zA-Z0-9]\/.test(t.secret)){for(var s,r,n,a=l.querySelectorAll('iframe[data-secret=\"'+t.secret+'\"]'),o=l.querySelectorAll('blockquote[data-secret=\"'+t.secret+'\"]'),c=new RegExp(\"^https?:$\",\"i\"),i=0;i<o.length;i++)o[i].style.display=\"none\";for(i=0;i<a.length;i++)s=a[i],e.source===s.contentWindow&&(s.removeAttribute(\"style\"),\"height\"===t.message?(1e3<(r=parseInt(t.value,10))?r=1e3:~~r<200&&(r=200),s.height=r):\"link\"===t.message&&(r=new URL(s.getAttribute(\"src\")),n=new URL(t.value),c.test(n.protocol))&&n.host===r.host&&l.activeElement===s&&(d.top.location.href=t.value))}},d.addEventListener(\"message\",d.wp.receiveEmbedMessage,!1),l.addEventListener(\"DOMContentLoaded\",function(){for(var e,t,s=l.querySelectorAll(\"iframe.wp-embedded-content\"),r=0;r<s.length;r++)(t=(e=s[r]).getAttribute(\"data-secret\"))||(t=Math.random().toString(36).substring(2,12),e.src+=\"#?secret=\"+t,e.setAttribute(\"data-secret\",t)),e.contentWindow.postMessage({message:\"ready\",secret:t},\"*\")},!1)))}(window,document);\n\/* ]]> *\/\n<\/script>\n","thumbnail_url":"https:\/\/procompetencia.gob.do\/v2\/wp-content\/uploads\/2022\/06\/whatsapp-image-2022-06-14-at-100514-am.jpeg","thumbnail_width":1600,"thumbnail_height":1200,"description":"SANTO DOMINGO. Con una conferencia magistral a cargo de la procuradora general de la Rep\u00fablica, Miriam Germ\u00e1n Brito, la facultad de Ciencias Jur\u00eddicas y Pol\u00edticas de [\u2026]"}